{"id":3122,"date":"2026-09-01T11:57:04","date_gmt":"2026-09-01T09:57:04","guid":{"rendered":"https:\/\/www.clarahino.fr\/?post_type=portfolio&#038;p=3122"},"modified":"2026-09-01T11:57:04","modified_gmt":"2026-09-01T09:57:04","slug":"titre-clara-hinoveanu","status":"publish","type":"portfolio","link":"https:\/\/www.clarahino.fr\/index.php\/portfolio-item\/titre-clara-hinoveanu\/","title":{"rendered":"Bulles en t\u00eate &#8211; La constellation"},"content":{"rendered":"","protected":false},"featured_media":3124,"template":"","portfolio_category":[52],"portfolio_tag":[],"class_list":["post-3122","portfolio","type-portfolio","status-publish","has-post-thumbnail","hentry","portfolio_category-edition"],"yoast_head":"<!-- This site is optimized with the Yoast SEO plugin v26.9 - https:\/\/yoast.com\/product\/yoast-seo-wordpress\/ -->\n<title>Bulles en t\u00eate - La constellation - Clara Hinoveanu<\/title>\n<meta name=\"description\" content=\"R\u00e9alisation d\u2019une planche de BD pour le projet \u00ab Bulles en t\u00eate \u00bb, \u00e0 partir d\u2019un sc\u00e9nario \u00e9crit par une \u00e9l\u00e8ve du Lyc\u00e9e agricole La Brie \u00e0 Monbazillac, dans le but de sensibiliser les coll\u00e9giens aux harc\u00e8lement scolaire.\" \/>\n<meta name=\"robots\" content=\"index, follow, max-snippet:-1, max-image-preview:large, max-video-preview:-1\" \/>\n<link rel=\"canonical\" href=\"https:\/\/www.clarahino.fr\/index.php\/portfolio-item\/titre-clara-hinoveanu\/\" \/>\n<meta property=\"og:locale\" content=\"fr_FR\" \/>\n<meta property=\"og:type\" content=\"article\" \/>\n<meta property=\"og:title\" content=\"Bulles en t\u00eate - La constellation - Clara Hinoveanu\" \/>\n<meta property=\"og:description\" content=\"R\u00e9alisation d\u2019une planche de BD pour le projet \u00ab Bulles en t\u00eate \u00bb, \u00e0 partir d\u2019un sc\u00e9nario \u00e9crit par une \u00e9l\u00e8ve du Lyc\u00e9e agricole La Brie \u00e0 Monbazillac, dans le but de sensibiliser les coll\u00e9giens aux harc\u00e8lement scolaire.\" \/>\n<meta property=\"og:url\" content=\"https:\/\/www.clarahino.fr\/index.php\/portfolio-item\/titre-clara-hinoveanu\/\" \/>\n<meta property=\"og:site_name\" content=\"Clara Hinoveanu\" \/>\n<meta property=\"og:image\" content=\"https:\/\/www.clarahino.fr\/wp-content\/uploads\/2026\/09\/La-Constellation-Bulle-en-tete-e1788256583140.jpg\" \/>\n\t<meta property=\"og:image:width\" content=\"1536\" \/>\n\t<meta property=\"og:image:height\" content=\"2210\" \/>\n\t<meta property=\"og:image:type\" content=\"image\/jpeg\" \/>\n<meta name=\"twitter:card\" content=\"summary_large_image\" \/>\n<meta name=\"twitter:label1\" content=\"Dur\u00e9e de lecture estim\u00e9e\" \/>\n\t<meta name=\"twitter:data1\" content=\"1 minute\" \/>\n<script type=\"application\/ld+json\" class=\"yoast-schema-graph\">{\"@context\":\"https:\/\/schema.org\",\"@graph\":[{\"@type\":\"WebPage\",\"@id\":\"https:\/\/www.clarahino.fr\/index.php\/portfolio-item\/titre-clara-hinoveanu\/\",\"url\":\"https:\/\/www.clarahino.fr\/index.php\/portfolio-item\/titre-clara-hinoveanu\/\",\"name\":\"Bulles en t\u00eate - La constellation - Clara Hinoveanu\",\"isPartOf\":{\"@id\":\"https:\/\/www.clarahino.fr\/#website\"},\"primaryImageOfPage\":{\"@id\":\"https:\/\/www.clarahino.fr\/index.php\/portfolio-item\/titre-clara-hinoveanu\/#primaryimage\"},\"image\":{\"@id\":\"https:\/\/www.clarahino.fr\/index.php\/portfolio-item\/titre-clara-hinoveanu\/#primaryimage\"},\"thumbnailUrl\":\"https:\/\/www.clarahino.fr\/wp-content\/uploads\/2026\/09\/La-Constellation-Bulle-en-tete-e1788256583140.jpg\",\"datePublished\":\"2026-09-01T09:57:04+00:00\",\"description\":\"R\u00e9alisation d\u2019une planche de BD pour le projet \u00ab Bulles en t\u00eate \u00bb, \u00e0 partir d\u2019un sc\u00e9nario \u00e9crit par une \u00e9l\u00e8ve du Lyc\u00e9e agricole La Brie \u00e0 Monbazillac, dans le but de sensibiliser les coll\u00e9giens aux harc\u00e8lement scolaire.\",\"breadcrumb\":{\"@id\":\"https:\/\/www.clarahino.fr\/index.php\/portfolio-item\/titre-clara-hinoveanu\/#breadcrumb\"},\"inLanguage\":\"fr-FR\",\"potentialAction\":[{\"@type\":\"ReadAction\",\"target\":[\"https:\/\/www.clarahino.fr\/index.php\/portfolio-item\/titre-clara-hinoveanu\/\"]}]},{\"@type\":\"ImageObject\",\"inLanguage\":\"fr-FR\",\"@id\":\"https:\/\/www.clarahino.fr\/index.php\/portfolio-item\/titre-clara-hinoveanu\/#primaryimage\",\"url\":\"https:\/\/www.clarahino.fr\/wp-content\/uploads\/2026\/09\/La-Constellation-Bulle-en-tete-e1788256583140.jpg\",\"contentUrl\":\"https:\/\/www.clarahino.fr\/wp-content\/uploads\/2026\/09\/La-Constellation-Bulle-en-tete-e1788256583140.jpg\",\"width\":1536,\"height\":2210},{\"@type\":\"BreadcrumbList\",\"@id\":\"https:\/\/www.clarahino.fr\/index.php\/portfolio-item\/titre-clara-hinoveanu\/#breadcrumb\",\"itemListElement\":[{\"@type\":\"ListItem\",\"position\":1,\"name\":\"Accueil\",\"item\":\"https:\/\/www.clarahino.fr\/\"},{\"@type\":\"ListItem\",\"position\":2,\"name\":\"Bulles en t\u00eate &#8211; La constellation\"}]},{\"@type\":\"WebSite\",\"@id\":\"https:\/\/www.clarahino.fr\/#website\",\"url\":\"https:\/\/www.clarahino.fr\/\",\"name\":\"Clara Hinoveanu\",\"description\":\"Illustration &amp; graphisme\",\"publisher\":{\"@id\":\"https:\/\/www.clarahino.fr\/#organization\"},\"potentialAction\":[{\"@type\":\"SearchAction\",\"target\":{\"@type\":\"EntryPoint\",\"urlTemplate\":\"https:\/\/www.clarahino.fr\/?s={search_term_string}\"},\"query-input\":{\"@type\":\"PropertyValueSpecification\",\"valueRequired\":true,\"valueName\":\"search_term_string\"}}],\"inLanguage\":\"fr-FR\"},{\"@type\":\"Organization\",\"@id\":\"https:\/\/www.clarahino.fr\/#organization\",\"name\":\"Clara Hinoveanu\",\"url\":\"https:\/\/www.clarahino.fr\/\",\"logo\":{\"@type\":\"ImageObject\",\"inLanguage\":\"fr-FR\",\"@id\":\"https:\/\/www.clarahino.fr\/#\/schema\/logo\/image\/\",\"url\":\"https:\/\/www.clarahino.fr\/wp-content\/uploads\/2021\/11\/logo-2.0-hd_Plan-de-travail-1.png\",\"contentUrl\":\"https:\/\/www.clarahino.fr\/wp-content\/uploads\/2021\/11\/logo-2.0-hd_Plan-de-travail-1.png\",\"width\":651,\"height\":82,\"caption\":\"Clara Hinoveanu\"},\"image\":{\"@id\":\"https:\/\/www.clarahino.fr\/#\/schema\/logo\/image\/\"}}]}<\/script>\n<!-- \/ Yoast SEO plugin. -->","yoast_head_json":{"title":"Bulles en t\u00eate - La constellation - Clara Hinoveanu","description":"R\u00e9alisation d\u2019une planche de BD pour le projet \u00ab Bulles en t\u00eate \u00bb, \u00e0 partir d\u2019un sc\u00e9nario \u00e9crit par une \u00e9l\u00e8ve du Lyc\u00e9e agricole La Brie \u00e0 Monbazillac, dans le but de sensibiliser les coll\u00e9giens aux harc\u00e8lement scolaire.","robots":{"index":"index","follow":"follow","max-snippet":"max-snippet:-1","max-image-preview":"max-image-preview:large","max-video-preview":"max-video-preview:-1"},"canonical":"https:\/\/www.clarahino.fr\/index.php\/portfolio-item\/titre-clara-hinoveanu\/","og_locale":"fr_FR","og_type":"article","og_title":"Bulles en t\u00eate - La constellation - Clara Hinoveanu","og_description":"R\u00e9alisation d\u2019une planche de BD pour le projet \u00ab Bulles en t\u00eate \u00bb, \u00e0 partir d\u2019un sc\u00e9nario \u00e9crit par une \u00e9l\u00e8ve du Lyc\u00e9e agricole La Brie \u00e0 Monbazillac, dans le but de sensibiliser les coll\u00e9giens aux harc\u00e8lement scolaire.","og_url":"https:\/\/www.clarahino.fr\/index.php\/portfolio-item\/titre-clara-hinoveanu\/","og_site_name":"Clara Hinoveanu","og_image":[{"width":1536,"height":2210,"url":"https:\/\/www.clarahino.fr\/wp-content\/uploads\/2026\/09\/La-Constellation-Bulle-en-tete-e1788256583140.jpg","type":"image\/jpeg"}],"twitter_card":"summary_large_image","twitter_misc":{"Dur\u00e9e de lecture estim\u00e9e":"1 minute"},"schema":{"@context":"https:\/\/schema.org","@graph":[{"@type":"WebPage","@id":"https:\/\/www.clarahino.fr\/index.php\/portfolio-item\/titre-clara-hinoveanu\/","url":"https:\/\/www.clarahino.fr\/index.php\/portfolio-item\/titre-clara-hinoveanu\/","name":"Bulles en t\u00eate - La constellation - Clara Hinoveanu","isPartOf":{"@id":"https:\/\/www.clarahino.fr\/#website"},"primaryImageOfPage":{"@id":"https:\/\/www.clarahino.fr\/index.php\/portfolio-item\/titre-clara-hinoveanu\/#primaryimage"},"image":{"@id":"https:\/\/www.clarahino.fr\/index.php\/portfolio-item\/titre-clara-hinoveanu\/#primaryimage"},"thumbnailUrl":"https:\/\/www.clarahino.fr\/wp-content\/uploads\/2026\/09\/La-Constellation-Bulle-en-tete-e1788256583140.jpg","datePublished":"2026-09-01T09:57:04+00:00","description":"R\u00e9alisation d\u2019une planche de BD pour le projet \u00ab Bulles en t\u00eate \u00bb, \u00e0 partir d\u2019un sc\u00e9nario \u00e9crit par une \u00e9l\u00e8ve du Lyc\u00e9e agricole La Brie \u00e0 Monbazillac, dans le but de sensibiliser les coll\u00e9giens aux harc\u00e8lement scolaire.","breadcrumb":{"@id":"https:\/\/www.clarahino.fr\/index.php\/portfolio-item\/titre-clara-hinoveanu\/#breadcrumb"},"inLanguage":"fr-FR","potentialAction":[{"@type":"ReadAction","target":["https:\/\/www.clarahino.fr\/index.php\/portfolio-item\/titre-clara-hinoveanu\/"]}]},{"@type":"ImageObject","inLanguage":"fr-FR","@id":"https:\/\/www.clarahino.fr\/index.php\/portfolio-item\/titre-clara-hinoveanu\/#primaryimage","url":"https:\/\/www.clarahino.fr\/wp-content\/uploads\/2026\/09\/La-Constellation-Bulle-en-tete-e1788256583140.jpg","contentUrl":"https:\/\/www.clarahino.fr\/wp-content\/uploads\/2026\/09\/La-Constellation-Bulle-en-tete-e1788256583140.jpg","width":1536,"height":2210},{"@type":"BreadcrumbList","@id":"https:\/\/www.clarahino.fr\/index.php\/portfolio-item\/titre-clara-hinoveanu\/#breadcrumb","itemListElement":[{"@type":"ListItem","position":1,"name":"Accueil","item":"https:\/\/www.clarahino.fr\/"},{"@type":"ListItem","position":2,"name":"Bulles en t\u00eate &#8211; La constellation"}]},{"@type":"WebSite","@id":"https:\/\/www.clarahino.fr\/#website","url":"https:\/\/www.clarahino.fr\/","name":"Clara Hinoveanu","description":"Illustration &amp; graphisme","publisher":{"@id":"https:\/\/www.clarahino.fr\/#organization"},"potentialAction":[{"@type":"SearchAction","target":{"@type":"EntryPoint","urlTemplate":"https:\/\/www.clarahino.fr\/?s={search_term_string}"},"query-input":{"@type":"PropertyValueSpecification","valueRequired":true,"valueName":"search_term_string"}}],"inLanguage":"fr-FR"},{"@type":"Organization","@id":"https:\/\/www.clarahino.fr\/#organization","name":"Clara Hinoveanu","url":"https:\/\/www.clarahino.fr\/","logo":{"@type":"ImageObject","inLanguage":"fr-FR","@id":"https:\/\/www.clarahino.fr\/#\/schema\/logo\/image\/","url":"https:\/\/www.clarahino.fr\/wp-content\/uploads\/2021\/11\/logo-2.0-hd_Plan-de-travail-1.png","contentUrl":"https:\/\/www.clarahino.fr\/wp-content\/uploads\/2021\/11\/logo-2.0-hd_Plan-de-travail-1.png","width":651,"height":82,"caption":"Clara Hinoveanu"},"image":{"@id":"https:\/\/www.clarahino.fr\/#\/schema\/logo\/image\/"}}]}},"_links":{"self":[{"href":"https:\/\/www.clarahino.fr\/index.php\/wp-json\/wp\/v2\/portfolio\/3122","targetHints":{"allow":["GET"]}}],"collection":[{"href":"https:\/\/www.clarahino.fr\/index.php\/wp-json\/wp\/v2\/portfolio"}],"about":[{"href":"https:\/\/www.clarahino.fr\/index.php\/wp-json\/wp\/v2\/types\/portfolio"}],"version-history":[{"count":1,"href":"https:\/\/www.clarahino.fr\/index.php\/wp-json\/wp\/v2\/portfolio\/3122\/revisions"}],"predecessor-version":[{"id":3125,"href":"https:\/\/www.clarahino.fr\/index.php\/wp-json\/wp\/v2\/portfolio\/3122\/revisions\/3125"}],"wp:featuredmedia":[{"embeddable":true,"href":"https:\/\/www.clarahino.fr\/index.php\/wp-json\/wp\/v2\/media\/3124"}],"wp:attachment":[{"href":"https:\/\/www.clarahino.fr\/index.php\/wp-json\/wp\/v2\/media?parent=3122"}],"wp:term":[{"taxonomy":"portfolio_category","embeddable":true,"href":"https:\/\/www.clarahino.fr\/index.php\/wp-json\/wp\/v2\/portfolio_category?post=3122"},{"taxonomy":"portfolio_tag","embeddable":true,"href":"https:\/\/www.clarahino.fr\/index.php\/wp-json\/wp\/v2\/portfolio_tag?post=3122"}],"curies":[{"name":"wp","href":"https:\/\/api.w.org\/{rel}","templated":true}]}}